{"id":2,"date":"2014-03-01T16:34:13","date_gmt":"2014-03-01T15:34:13","guid":{"rendered":"http:\/\/didierlemarchand.net\/site\/\/?page_id=2"},"modified":"2023-02-07T16:36:56","modified_gmt":"2023-02-07T15:36:56","slug":"expositions","status":"publish","type":"page","link":"https:\/\/didierlemarchand.net\/site\/expositions\/","title":{"rendered":"expositions"},"content":{"rendered":"<ul>\n<li style=\"text-align: left;\"><strong>2019.02 &#8211; Saint-Maximin<\/strong>, Galerie des du Front de Taille : <a href=\"http:\/\/didierlemarchand.net\/site\/portfolio-2\/resurgences\/terezin\/\">r\u00e9surgence 4<\/a> &amp; <a href=\"http:\/\/didierlemarchand.net\/site\/portfolio-2\/resurgences\/resurgence-14-struthof\/\">r\u00e9surgence 9<\/a><\/li>\n<\/ul>\n<p style=\"text-align: right;\"><img loading=\"lazy\" decoding=\"async\" class=\"alignnone size-medium colorbox-2\" src=\"http:\/\/didierlemarchand.net\/4_site_nouveau\/expos\/2019_01_expo_saint_maximin_1.jpg\" width=\"400\" height=\"212\" \/><\/p>\n<p style=\"text-align: right;\"><img loading=\"lazy\" decoding=\"async\" class=\"alignnone size-medium colorbox-2\" src=\"http:\/\/didierlemarchand.net\/4_site_nouveau\/expos\/2019_01_expo_saint_maximin_2.jpg\" width=\"400\" height=\"239\" \/><\/p>\n<p>&nbsp;<\/p>\n<ul>\n<li style=\"text-align: left;\"><strong>2018.05 &#8211; Chantilly<\/strong>, Galerie des Heures &#8211; Lyc\u00e9e Jean Rostand : <a href=\"http:\/\/didierlemarchand.net\/site\/portfolio-2\/vanite\/vanite-1\/\">vanit\u00e9 5 -Vigilance-Propret\u00e9<\/a><\/li>\n<\/ul>\n<p style=\"text-align: right;\"><img loading=\"lazy\" decoding=\"async\" class=\"alignnone size-medium colorbox-2\" src=\"http:\/\/didierlemarchand.net\/4_site_nouveau\/expos\/2018_05_expo_chantilly_1.jpg\" width=\"400\" height=\"205\" \/><\/p>\n<p style=\"text-align: right;\"><img loading=\"lazy\" decoding=\"async\" class=\"alignnone size-medium colorbox-2\" src=\"http:\/\/didierlemarchand.net\/4_site_nouveau\/expos\/2018_05_expo_chantilly_2.jpg\" width=\"400\" height=\"250\" \/><\/p>\n<p>&nbsp;<\/p>\n<ul>\n<li style=\"text-align: left;\"><strong>2017.10 &#8211; Beauvais<\/strong>, <a href=\"https:\/\/www.galerieassociative.fr\/galerie-associative-une-association\/\" target=\"_blank\" rel=\"noopener\">Galerie Associative<\/a> &#8211; Off des Photaumnales : <a href=\"http:\/\/didierlemarchand.net\/site\/portfolio-2\/presence\/monde\/\">entre deux mondes<\/a><\/li>\n<\/ul>\n<p style=\"text-align: right;\"><img loading=\"lazy\" decoding=\"async\" class=\"alignnone size-medium colorbox-2\" src=\"http:\/\/didierlemarchand.net\/4_site_nouveau\/expos\/2017_10_expo_beauvais_2.jpg\" width=\"400\" height=\"272\" \/><\/p>\n<p style=\"text-align: right;\"><img loading=\"lazy\" decoding=\"async\" class=\"alignnone size-medium colorbox-2\" src=\"http:\/\/didierlemarchand.net\/4_site_nouveau\/expos\/2017_10_expo_beauvais_3.jpg\" width=\"400\" height=\"248\" \/><\/p>\n<p>&nbsp;<\/p>\n<ul>\n<li style=\"text-align: left;\"><strong>2017.05 &#8211; Durban<\/strong>, <a href=\"https:\/\/www.galerie-remp-arts.com\/\" target=\"_blank\" rel=\"noopener\">Galerie Remp-arts<\/a> : <a href=\"http:\/\/didierlemarchand.net\/site\/portfolio-2\/presence\/monde\/\">entre deux mondes<\/a><\/li>\n<\/ul>\n<p>&nbsp;<\/p>\n<p style=\"text-align: right;\"><img loading=\"lazy\" decoding=\"async\" class=\"alignnone colorbox-2\" src=\"http:\/\/didierlemarchand.net\/4_site_nouveau\/expos\/2017_05_expo_durban_2\" alt=\"vue expo 1\" width=\"400\" height=\"161\" \/><\/p>\n<p style=\"text-align: right;\"><img loading=\"lazy\" decoding=\"async\" class=\"alignnone size-medium colorbox-2\" src=\"http:\/\/didierlemarchand.net\/4_site_nouveau\/expos\/2017_05_expo_durban_1\" width=\"400\" height=\"237\" \/><\/p>\n<p style=\"text-align: right;\"><img loading=\"lazy\" decoding=\"async\" class=\"alignnone size-medium colorbox-2\" src=\"http:\/\/didierlemarchand.net\/4_site_nouveau\/expos\/2017_05_expo_durban_3\" width=\"400\" height=\"270\" \/><\/p>\n<p style=\"text-align: right;\"><img loading=\"lazy\" decoding=\"async\" class=\"alignnone size-medium colorbox-2\" src=\"http:\/\/didierlemarchand.net\/4_site_nouveau\/expos\/2017_05_expo_durban_4\" width=\"400\" height=\"267\" \/><\/p>\n<ul>\n<li style=\"text-align: left;\"><strong>2016.11 &#8211; Beauvais<\/strong>, <a href=\"http:\/\/lesensorestaurant.free.fr\/lesensorestaurant\/LE_SENSO.html\" target=\"_blank\" rel=\"noopener\">Restaurant Le Senso<\/a> dans le cadre du Festival Off des Photaumnales<\/li>\n<\/ul>\n<p style=\"text-align: right;\"><img loading=\"lazy\" decoding=\"async\" class=\"alignnone colorbox-2\" src=\"http:\/\/didierlemarchand.net\/4_site_nouveau\/expos\/2016_11_expo_beauvais_senso.JPG\" alt=\"vue expo 1\" width=\"400\" height=\"161\" \/><\/p>\n<p>&nbsp;<\/p>\n<ul>\n<li style=\"text-align: left;\"><strong>2016.10 &#8211; Chantilly<\/strong>, Lyc\u00e9e Jean Rostand : <a href=\"http:\/\/didierlemarchand.net\/site\/portfolio-2\/resurgences\/terezin\/\" target=\"_blank\" rel=\"noopener\">r\u00e9surgence 3 &#8211; Terezin<\/a><\/li>\n<\/ul>\n<p style=\"text-align: right;\"><img loading=\"lazy\" decoding=\"async\" class=\"alignnone colorbox-2\" src=\"http:\/\/didierlemarchand.net\/4_site_nouveau\/expos\/2016_10_expo_chantilly_6.JPG\" alt=\"vue expo 1\" width=\"400\" height=\"161\" \/><\/p>\n<p style=\"text-align: right;\">Atelier chor\u00e9graphie anim\u00e9 par V\u00e9ronique Frelaut<\/p>\n<p style=\"text-align: right;\"><img loading=\"lazy\" decoding=\"async\" class=\"alignnone colorbox-2\" src=\"http:\/\/didierlemarchand.net\/4_site_nouveau\/expos\/2016_10_expo_chantilly_4.JPG\" alt=\"vue expo 2\" width=\"400\" height=\"213\" \/><\/p>\n<p style=\"text-align: right;\"><img loading=\"lazy\" decoding=\"async\" class=\"alignnone colorbox-2\" src=\"http:\/\/didierlemarchand.net\/4_site_nouveau\/expos\/2016_10_expo_chantilly_1.JPG\" alt=\"vue expo 2\" width=\"400\" height=\"335\" \/><\/p>\n<p style=\"text-align: right;\"><img loading=\"lazy\" decoding=\"async\" class=\"alignnone colorbox-2\" src=\"http:\/\/didierlemarchand.net\/4_site_nouveau\/expos\/2016_10_expo_chantilly_5.JPG\" alt=\"vue expo 2\" width=\"400\" height=\"335\" \/><\/p>\n<p>&nbsp;<\/p>\n<ul>\n<li><strong>2016.09 &#8211; Cr\u00e9py<\/strong>, Mus\u00e9e de l&rsquo;Archerie et du Valois : <a href=\"http:\/\/didierlemarchand.net\/site\/portfolio-2\/resurgences\/muser-sans-reserve\/\" target=\"_blank\" rel=\"noopener\"><span style=\"line-height: 1.5em;\">r\u00e9surgence 10<\/span><\/a><\/li>\n<\/ul>\n<p style=\"text-align: right;\"><img loading=\"lazy\" decoding=\"async\" class=\"alignnone colorbox-2\" src=\"http:\/\/didierlemarchand.net\/4_site_nouveau\/expos\/2016_09_expo_crepy_1.JPG\" alt=\"vue expo 1\" width=\"400\" height=\"256\" \/><\/p>\n<p style=\"text-align: right;\"><img loading=\"lazy\" decoding=\"async\" class=\"alignnone colorbox-2\" src=\"http:\/\/didierlemarchand.net\/4_site_nouveau\/expos\/2016_09_expo_crepy_2.JPG\" alt=\"vue expo 2\" width=\"400\" height=\"265\" \/><\/p>\n<p style=\"text-align: right;\"><img loading=\"lazy\" decoding=\"async\" class=\"alignnone colorbox-2\" src=\"http:\/\/didierlemarchand.net\/4_site_nouveau\/expos\/2016_09_expo_crepy_4.JPG\" alt=\"vue expo 2\" width=\"400\" height=\"265\" \/><\/p>\n<p>&nbsp;<\/p>\n<ul>\n<li><strong>2016.03 &#8211; Natzwiller<\/strong>, Camp du Struthof &#8211; CERD : <span style=\"line-height: 1.5em;\"><a href=\"http:\/\/didierlemarchand.net\/site\/portfolio-2\/resurgences\/resurgence-14-struthof\/\" target=\"_blank\" rel=\"noopener\">r\u00e9surgence 9<\/a><\/span><\/li>\n<\/ul>\n<p style=\"text-align: right;\"><img loading=\"lazy\" decoding=\"async\" class=\"alignnone colorbox-2\" src=\"http:\/\/didierlemarchand.net\/4_site_nouveau\/expos\/2016_03_expo_struthof_01.jpg\" alt=\"vue expo 1\" width=\"400\" height=\"256\" \/><\/p>\n<p style=\"text-align: right;\"><img loading=\"lazy\" decoding=\"async\" class=\"alignnone colorbox-2\" src=\"http:\/\/didierlemarchand.net\/4_site_nouveau\/expos\/2016_03_expo_struthof_02.jpg\" alt=\"vue expo 2\" width=\"400\" height=\"265\" \/><\/p>\n<p>&nbsp;<\/p>\n<ul>\n<li><strong>2016.03 &#8211; Beauvais<\/strong>, Galerie Associative : <span style=\"line-height: 1.5em;\"><a href=\"http:\/\/didierlemarchand.net\/site\/portfolio-2\/presence\/lautre-la-2\/\" target=\"_blank\" rel=\"noopener\">pr\u00e9sences<\/a> et <a href=\"http:\/\/didierlemarchand.net\/site\/portfolio-2\/mots\/echappees-du-recit\/\" target=\"_blank\" rel=\"noopener\">\u00e9chapp\u00e9es du r\u00e9cit<\/a><\/span><\/li>\n<\/ul>\n<p style=\"text-align: right;\"><img loading=\"lazy\" decoding=\"async\" class=\"alignnone colorbox-2\" src=\"http:\/\/didierlemarchand.net\/4_site_nouveau\/expos\/2016_03_expo_beauvais_01.jpg\" alt=\"vue expo 1\" width=\"400\" height=\"254\" \/><\/p>\n<p style=\"text-align: right;\"><img loading=\"lazy\" decoding=\"async\" class=\"alignnone colorbox-2\" src=\"http:\/\/didierlemarchand.net\/4_site_nouveau\/expos\/2016_03_expo_beauvais_02.jpg\" alt=\"vue expo 2\" width=\"400\" height=\"211\" \/><\/p>\n<p style=\"text-align: right;\"><img loading=\"lazy\" decoding=\"async\" class=\"alignnone colorbox-2\" src=\"http:\/\/didierlemarchand.net\/4_site_nouveau\/expos\/2016_03_expo_beauvais_03.jpg\" alt=\"vue expo 3\" width=\"400\" height=\"295\" \/><\/p>\n<p style=\"text-align: right;\"><img loading=\"lazy\" decoding=\"async\" class=\"alignnone colorbox-2\" src=\"http:\/\/didierlemarchand.net\/4_site_nouveau\/expos\/2016_03_expo_beauvais_05.jpg\" alt=\"vue expo 4\" width=\"400\" height=\"190\" \/><\/p>\n<p>&nbsp;<\/p>\n<ul>\n<li><strong>2015.12 &#8211; Beauvais<\/strong>, Galerie Associative : <span style=\"line-height: 1.5em;\">Galerie d&rsquo;Hiver, extraits d&rsquo;<a href=\"http:\/\/didierlemarchand.net\/site\/portfolio-2\/epiphanie\/\" target=\"_blank\" rel=\"noopener\">\u00e9piphanie<\/a><br \/>\n<\/span><\/li>\n<\/ul>\n<p style=\"text-align: right;\"><img loading=\"lazy\" decoding=\"async\" class=\"alignnone colorbox-2\" src=\"http:\/\/didierlemarchand.net\/4_site_nouveau\/expos\/2015_12_expo_beauvais_01.jpg\" alt=\"vue expo\" width=\"400\" height=\"310\" \/><\/p>\n<p>&nbsp;<\/p>\n<ul>\n<li><strong>2015.11 &#8211; Tracy-le-Mont<\/strong>, l&rsquo;Horloge : <a href=\"http:\/\/didierlemarchand.net\/site\/portfolio-2\/mots\/melting-poste\/\" target=\"_blank\" rel=\"noopener\">melting poste<\/a><\/li>\n<\/ul>\n<p style=\"text-align: right;\"><img loading=\"lazy\" decoding=\"async\" class=\"alignnone colorbox-2\" src=\"http:\/\/didierlemarchand.net\/4_site_nouveau\/expos\/2015_11_tracy_1.jpg\" alt=\"vue expo\" width=\"400\" height=\"256\" \/><\/p>\n<p style=\"text-align: right;\"><img loading=\"lazy\" decoding=\"async\" class=\"alignnone colorbox-2\" src=\"http:\/\/didierlemarchand.net\/4_site_nouveau\/expos\/2015_11_tracy_2.jpg\" alt=\"vue expo\" width=\"400\" height=\"232\" \/><\/p>\n<p style=\"text-align: right;\"><img loading=\"lazy\" decoding=\"async\" class=\"alignnone colorbox-2\" src=\"http:\/\/didierlemarchand.net\/4_site_nouveau\/expos\/2015_11_tracy_3.jpg\" alt=\"vue expo\" width=\"400\" height=\"259\" \/><\/p>\n<p style=\"text-align: right;\"><a href=\"http:\/\/didierlemarchand.net\/4_site_nouveau\/expos\/2015_11_tracy_1.jpg\"><img loading=\"lazy\" decoding=\"async\" class=\"alignnone size-full wp-image-895 colorbox-2\" src=\"http:\/\/didierlemarchand.net\/site\/wp-content\/uploads\/2015\/11\/2015_11_15_17_49_18-01.jpg\" alt=\"2015_11_15_17_49_18-01\" width=\"400\" height=\"256\" srcset=\"https:\/\/didierlemarchand.net\/site\/wp-content\/uploads\/2015\/11\/2015_11_15_17_49_18-01.jpg 400w, https:\/\/didierlemarchand.net\/site\/wp-content\/uploads\/2015\/11\/2015_11_15_17_49_18-01-300x192.jpg 300w\" sizes=\"(max-width: 400px) 100vw, 400px\" \/><\/a><\/p>\n<p>&nbsp;<\/p>\n<ul>\n<li><span style=\"line-height: 1.5em;\"><strong>2015.11 &#8211; Beauvais<\/strong>, Galerie Associative<\/span> et ESPE : <a href=\"http:\/\/didierlemarchand.net\/site\/portfolio-2\/espace\/espace-16-lieux\/\" target=\"_blank\" rel=\"noopener\">lieux<\/a><\/li>\n<\/ul>\n<p style=\"text-align: right;\"><img loading=\"lazy\" decoding=\"async\" class=\"alignnone colorbox-2\" src=\"http:\/\/didierlemarchand.net\/4_site_nouveau\/expos\/2015_11_beauvais_1.jpg\" alt=\"vue expo\" width=\"400\" height=\"263\" \/><\/p>\n<p style=\"text-align: right;\"><img loading=\"lazy\" decoding=\"async\" class=\"alignnone colorbox-2\" src=\"http:\/\/didierlemarchand.net\/4_site_nouveau\/expos\/2015_11_beauvais_1.jpg\" alt=\"vue expo\" width=\"400\" height=\"267\" \/><\/p>\n<p>&nbsp;<\/p>\n<ul>\n<li><span style=\"line-height: 1.5em;\"><strong>2014.12 &#8211; Beauvais<\/strong>, Galerie Associative : Galerie d&rsquo;Hiver, extraits d&rsquo;<a href=\"http:\/\/didierlemarchand.net\/site\/portfolio-2\/epiphanie\/\" target=\"_blank\" rel=\"noopener\">\u00e9piphanie<\/a><br \/>\n<\/span><\/li>\n<\/ul>\n<p style=\"text-align: right;\"><img loading=\"lazy\" decoding=\"async\" class=\"alignnone colorbox-2\" src=\"http:\/\/didierlemarchand.net\/4_site_nouveau\/expos\/2014_12_beauvais_1.jpg\" alt=\"vue expo\" width=\"400\" height=\"300\" \/><\/p>\n<p style=\"text-align: right;\"><img loading=\"lazy\" decoding=\"async\" class=\"alignnone colorbox-2\" src=\"http:\/\/didierlemarchand.net\/4_site_nouveau\/expos\/2014_12_beauvais_2.jpg\" alt=\"vue expo\" width=\"400\" height=\"533\" \/><\/p>\n<p>&nbsp;<\/p>\n<ul>\n<li><strong>2014.10 &#8211; Beauvais<\/strong>, Galerie Associative et Cr\u00eaperie La Galeti\u00e8re : <a href=\"http:\/\/didierlemarchand.net\/site\/portfolio-2\/mots\/declics-2\/\" target=\"_blank\" rel=\"noopener\">d\u00e9clic 2<\/a><\/li>\n<\/ul>\n<p style=\"text-align: right;\"><img loading=\"lazy\" decoding=\"async\" class=\"alignnone colorbox-2\" src=\"http:\/\/didierlemarchand.net\/4_site_nouveau\/expos\/2014_10_beauvais.jpg\" alt=\"vue expo\" width=\"397\" height=\"258\" \/><\/p>\n<p>&nbsp;<\/p>\n<ul>\n<li><strong>2013.11 &#8211; Albert<\/strong>, Lyc\u00e9e Lamarck : <a href=\"http:\/\/didierlemarchand.net\/site\/portfolio-2\/mots\/declics-2\/\" target=\"_blank\" rel=\"noopener\">d\u00e9clic 2<\/a><\/li>\n<\/ul>\n<p style=\"text-align: right;\"><img loading=\"lazy\" decoding=\"async\" class=\"alignnone colorbox-2\" src=\"http:\/\/didierlemarchand.net\/4_site_nouveau\/expos\/2013_11_albert_1.jpg\" alt=\"vue expo\" width=\"397\" height=\"137\" \/><\/p>\n<p style=\"text-align: right;\"><img loading=\"lazy\" decoding=\"async\" class=\"alignnone colorbox-2\" src=\"http:\/\/didierlemarchand.net\/4_site_nouveau\/expos\/2013_11_albert_2.jpg\" alt=\"vue expo\" width=\"397\" height=\"212\" \/><\/p>\n<p style=\"text-align: right;\"><img loading=\"lazy\" decoding=\"async\" class=\"alignnone colorbox-2\" src=\"http:\/\/didierlemarchand.net\/4_site_nouveau\/expos\/2013_11_albert_3.jpg\" alt=\"vue expo\" width=\"397\" height=\"252\" \/><\/p>\n<p>&nbsp;<\/p>\n<ul>\n<li><strong>2013.06 &#8211; Margny-l\u00e8s-Compi\u00e8gne<\/strong>, M\u00e9diath\u00e8que Jean Moulin : <a href=\"http:\/\/didierlemarchand.net\/site\/portfolio-2\/mots\/melting-poste\/\" target=\"_blank\" rel=\"noopener\">melting poste<\/a><\/li>\n<\/ul>\n<p style=\"text-align: right;\"><img loading=\"lazy\" decoding=\"async\" class=\"alignnone colorbox-2\" src=\"http:\/\/didierlemarchand.net\/4_site_nouveau\/expos\/2013_06_margny_1.jpg\" alt=\"vue expo\" width=\"397\" height=\"337\" \/><\/p>\n<p style=\"text-align: right;\"><img loading=\"lazy\" decoding=\"async\" class=\"alignnone colorbox-2\" src=\"http:\/\/didierlemarchand.net\/4_site_nouveau\/expos\/2013_06_margny_2.jpg\" alt=\"vue expo\" width=\"397\" height=\"290\" \/><\/p>\n<p>&nbsp;<\/p>\n<ul>\n<li><strong>2013.02<\/strong> &#8211; <strong>Antony<\/strong>, Lyc\u00e9e Th\u00e9odore Monod : <a href=\"http:\/\/didierlemarchand.net\/site\/portfolio-2\/mots\/declics-2\/\" target=\"_blank\" rel=\"noopener\">d\u00e9clic 2<\/a><\/li>\n<\/ul>\n<p style=\"text-align: right;\"><img loading=\"lazy\" decoding=\"async\" class=\"alignnone colorbox-2\" src=\"http:\/\/didierlemarchand.net\/4_site_nouveau\/expos\/2013_02_antony_1.jpg\" alt=\"vue expo\" width=\"397\" height=\"193\" \/><\/p>\n<p style=\"text-align: right;\"><img loading=\"lazy\" decoding=\"async\" class=\"alignnone colorbox-2\" src=\"http:\/\/didierlemarchand.net\/4_site_nouveau\/expos\/2013_02_antony_2.jpg\" alt=\"vue expo\" width=\"397\" height=\"259\" \/><\/p>\n<p style=\"text-align: right;\"><img loading=\"lazy\" decoding=\"async\" class=\"alignnone colorbox-2\" src=\"http:\/\/didierlemarchand.net\/4_site_nouveau\/expos\/2013_02_antony_3.jpg\" alt=\"vue expo\" width=\"397\" height=\"290\" \/><\/p>\n<p>&nbsp;<\/p>\n<ul>\n<li><strong>2012.12<\/strong> &#8211; <strong>Flixecourt<\/strong>, Le Ch\u00e2teau Blanc : <a href=\"http:\/\/didierlemarchand.net\/site\/portfolio-2\/mots\/melting-poste\/\" target=\"_blank\" rel=\"noopener\">melting poste<\/a><\/li>\n<\/ul>\n<p style=\"text-align: right;\" align=\"right\"><img class=\"colorbox-2\"  decoding=\"async\" src=\"http:\/\/didierlemarchand.net\/4_site_nouveau\/expos\/2012_12_flixecourt.jpg\" alt=\"\" \/><\/p>\n<p>&nbsp;<\/p>\n<ul>\n<li><strong>2012.09-11<\/strong> &#8211; <strong>Cr\u00e9py en Valois<\/strong>, Mus\u00e9e de l&rsquo;Archerie et du Valois : <a href=\"http:\/\/didierlemarchand.net\/site\/portfolio-2\/resurgences\/resurgence-8-2\/\" target=\"_blank\" rel=\"noopener\">r\u00e9surgence 4.3<\/a><\/li>\n<\/ul>\n<p style=\"text-align: right;\" align=\"right\"><img class=\"colorbox-2\"  decoding=\"async\" src=\"http:\/\/didierlemarchand.net\/4_site_nouveau\/expos\/2012_09_Crepy_1.jpg\" alt=\"\" \/><\/p>\n<p style=\"text-align: right;\" align=\"right\"><img class=\"colorbox-2\"  decoding=\"async\" src=\"http:\/\/didierlemarchand.net\/4_site_nouveau\/expos\/2012_09_Crepy_2.jpg\" alt=\"\" \/><\/p>\n<p style=\"text-align: right;\" align=\"right\"><img class=\"colorbox-2\"  decoding=\"async\" src=\"http:\/\/didierlemarchand.net\/4_site_nouveau\/expos\/2012_09_Crepy_3.jpg\" alt=\"\" \/><\/p>\n<p>&nbsp;<\/p>\n<ul>\n<li><strong>2012.09<\/strong> &#8211; <strong>Saint-Quentin<\/strong>, M\u00e9diath\u00e8que Guy de Maupassant : <a href=\"http:\/\/didierlemarchand.net\/site\/portfolio-2\/mots\/melting-poste\/\" target=\"_blank\" rel=\"noopener\">melting poste<\/a><\/li>\n<\/ul>\n<p style=\"text-align: right;\" align=\"right\"><img class=\"colorbox-2\"  decoding=\"async\" src=\"http:\/\/didierlemarchand.net\/4_site_nouveau\/expos\/2012_09_Saint_Quentin_2.jpg\" alt=\"\" \/><\/p>\n<p style=\"text-align: right;\" align=\"right\"><img class=\"colorbox-2\"  decoding=\"async\" src=\"http:\/\/didierlemarchand.net\/4_site_nouveau\/expos\/2012_09_Saint_Quentin_1.jpg\" alt=\"\" \/><\/p>\n<p style=\"text-align: right;\" align=\"right\">Dominique Saint-Dizier lit les courriers qu&rsquo;il a imagin\u00e9s pour les bo\u00eetes<\/p>\n<p>&nbsp;<\/p>\n<ul>\n<li><strong>2012.08 et 09<\/strong> &#8211; <strong>Quend<\/strong>, Office du tourisme et \u00e9cole primaire : <a href=\"http:\/\/didierlemarchand.net\/site\/portfolio-2\/mots\/melting-poste\/\" target=\"_blank\" rel=\"noopener\">melting poste<\/a><\/li>\n<\/ul>\n<p>&nbsp;<\/p>\n<p>&nbsp;<\/p>\n<ul>\n<li><strong>2012.07<\/strong> &#8211; <strong>Cayeux<\/strong>, les commerces du centre-ville et le H\u00e2ble d&rsquo;Ault : <a href=\"http:\/\/didierlemarchand.net\/site\/portfolio-2\/mots\/melting-poste\/\" target=\"_blank\" rel=\"noopener\">melting poste<\/a><\/li>\n<\/ul>\n<p style=\"text-align: right;\" align=\"right\"><img class=\"colorbox-2\"  decoding=\"async\" src=\"http:\/\/didierlemarchand.net\/4_site_nouveau\/expos\/2012_07_Cayeux_07.jpg\" alt=\"\" \/><\/p>\n<p style=\"text-align: right;\" align=\"right\"><img class=\"colorbox-2\"  decoding=\"async\" src=\"http:\/\/didierlemarchand.net\/4_site_nouveau\/expos\/2012_07_Cayeux_05.jpg\" alt=\"\" \/><\/p>\n<p style=\"text-align: right;\" align=\"right\"><img class=\"colorbox-2\"  decoding=\"async\" src=\"http:\/\/didierlemarchand.net\/4_site_nouveau\/expos\/2012_07_Cayeux_09.jpg\" alt=\"\" \/><\/p>\n<p style=\"text-align: right;\" align=\"right\"><img class=\"colorbox-2\"  decoding=\"async\" src=\"http:\/\/didierlemarchand.net\/4_site_nouveau\/expos\/2012_07_Cayeux_04.jpg\" alt=\"\" \/><\/p>\n<p style=\"text-align: right;\" align=\"right\"><img class=\"colorbox-2\"  decoding=\"async\" src=\"http:\/\/didierlemarchand.net\/4_site_nouveau\/expos\/2012_07_Cayeux_02.jpg\" alt=\"\" \/><\/p>\n<p>&nbsp;<\/p>\n<ul>\n<li><strong>2012.07<\/strong> &#8211; <strong>Mers-les-Bains<\/strong>, M\u00e9diath\u00e8que Municipale, Espace Jacques Pr\u00e9vert : <a href=\"http:\/\/didierlemarchand.net\/site\/portfolio-2\/mots\/melting-poste\/\" target=\"_blank\" rel=\"noopener\">melting poste<\/a><\/li>\n<\/ul>\n<p style=\"text-align: right;\" align=\"right\"><img class=\"colorbox-2\"  decoding=\"async\" src=\"http:\/\/didierlemarchand.net\/4_site_nouveau\/expos\/2012_07_mers.jpg\" alt=\"\" \/><\/p>\n<p>&nbsp;<\/p>\n<ul>\n<li><strong>2012.05<\/strong> &#8211; <strong>Tracy-le-Mont<\/strong>, l&rsquo;Horloge : <a href=\"http:\/\/didierlemarchand.net\/site\/portfolio-2\/resurgences\/resurgence-6-2\/\" target=\"_blank\" rel=\"noopener\">r\u00e9surgence 8<\/a><\/li>\n<\/ul>\n<p style=\"text-align: right;\" align=\"right\"><img class=\"colorbox-2\"  decoding=\"async\" src=\"http:\/\/didierlemarchand.net\/4_site_nouveau\/expos\/2012_05_horloge_1.jpg\" alt=\"\" \/><\/p>\n<p style=\"text-align: right;\" align=\"right\"><img class=\"colorbox-2\"  decoding=\"async\" src=\"http:\/\/didierlemarchand.net\/4_site_nouveau\/expos\/2012_05_horloge_2.jpg\" alt=\"\" \/><\/p>\n<p>&nbsp;<\/p>\n<ul>\n<li><strong>2012.04<\/strong> &#8211; <strong>Cr\u00e9py-en-Valois<\/strong>, Lyc\u00e9e Jean Monnet : <a href=\"http:\/\/didierlemarchand.net\/site\/portfolio-2\/mots\/melting-poste\/\" target=\"_blank\" rel=\"noopener\">melting poste<\/a><\/li>\n<\/ul>\n<p style=\"text-align: right;\" align=\"right\"><img class=\"colorbox-2\"  decoding=\"async\" src=\"http:\/\/didierlemarchand.net\/4_site_nouveau\/expos\/2012_04_crepy_1.jpg\" alt=\"\" \/><\/p>\n<p style=\"text-align: right;\" align=\"right\"><img class=\"colorbox-2\"  decoding=\"async\" src=\"http:\/\/didierlemarchand.net\/4_site_nouveau\/expos\/2012_04_crepy_2.jpg\" alt=\"\" \/><\/p>\n<p>&nbsp;<\/p>\n<ul>\n<li><strong>2012.03<\/strong> &#8211; <strong>Rib\u00e9court<\/strong>, Lyc\u00e9e Arthur Rimbaud : <a href=\"http:\/\/didierlemarchand.net\/site\/portfolio-2\/mots\/melting-poste\/\" target=\"_blank\" rel=\"noopener\">melting poste<\/a><\/li>\n<\/ul>\n<p style=\"text-align: right;\" align=\"right\"><img class=\"colorbox-2\"  decoding=\"async\" src=\"http:\/\/didierlemarchand.net\/4_site_nouveau\/expos\/2012_03_ribecourt_2.jpg\" alt=\"\" \/><\/p>\n<p style=\"text-align: right;\" align=\"right\"><img class=\"colorbox-2\"  decoding=\"async\" src=\"http:\/\/didierlemarchand.net\/4_site_nouveau\/expos\/2012_03_ribecourt_1.jpg\" alt=\"\" \/><\/p>\n<p>&nbsp;<\/p>\n<ul>\n<li><strong>2011.09<\/strong> &#8211; <strong>Longueil-Annel<\/strong>, Cit\u00e9 de Bateliers : <a href=\"http:\/\/didierlemarchand.net\/site\/portfolio-2\/mots\/declics-2\/\" target=\"_blank\" rel=\"noopener\">d\u00e9clic 2<\/a><\/li>\n<\/ul>\n<p style=\"text-align: right;\" align=\"right\"><img class=\"colorbox-2\"  decoding=\"async\" src=\"http:\/\/didierlemarchand.net\/4_site_nouveau\/expos\/2011_09_batelier.jpg\" alt=\"\" \/><\/p>\n<p>&nbsp;<\/p>\n<ul>\n<li><strong>2010.05<\/strong> &#8211; <strong>Compi\u00e8gne<\/strong>, Lyc\u00e9e Mireille Grenet : <a href=\"http:\/\/didierlemarchand.net\/site\/portfolio-2\/mots\/declics-2\/\" target=\"_blank\" rel=\"noopener\">d\u00e9clic 2<\/a><\/li>\n<\/ul>\n<p style=\"text-align: right;\" align=\"right\"><img class=\"colorbox-2\"  decoding=\"async\" src=\"http:\/\/didierlemarchand.net\/4_site_nouveau\/expos\/2011_05_grenet_1.jpg\" alt=\"\" \/><\/p>\n<p style=\"text-align: right;\" align=\"right\"><img class=\"colorbox-2\"  decoding=\"async\" src=\"http:\/\/didierlemarchand.net\/4_site_nouveau\/expos\/2011_05_grenet_2.jpg\" alt=\"\" \/><\/p>\n<p>&nbsp;<\/p>\n<ul>\n<li><strong>2011.10<\/strong> &#8211; <strong>Margny l\u00e8s Compi\u00e8gne<\/strong>, R\u00e9sidence Jeunes : <a href=\"http:\/\/didierlemarchand.net\/site\/portfolio-2\/resurgences\/terezin\/\" target=\"_blank\" rel=\"noopener\">r\u00e9surgence 3 -Terezin<\/a><\/li>\n<\/ul>\n<p style=\"text-align: right;\" align=\"right\"><img class=\"colorbox-2\"  decoding=\"async\" src=\"http:\/\/didierlemarchand.net\/4_site_nouveau\/expos\/2010_10_margny_1.jpg\" alt=\"\" \/><\/p>\n<p style=\"text-align: right;\" align=\"right\"><img class=\"colorbox-2\"  decoding=\"async\" src=\"http:\/\/didierlemarchand.net\/4_site_nouveau\/expos\/2010_10_margny_2.jpg\" alt=\"\" \/><\/p>\n<p>&nbsp;<\/p>\n<ul>\n<li><strong>2010.05<\/strong> &#8211; <strong>Beauvais<\/strong>, Espace Fran\u00e7ois Mitterand : <a href=\"http:\/\/didierlemarchand.net\/site\/portfolio-2\/mots\/declics-2\/\" target=\"_blank\" rel=\"noopener\">d\u00e9clic 2<\/a><\/li>\n<\/ul>\n<p style=\"text-align: right;\" align=\"right\"><img class=\"colorbox-2\"  decoding=\"async\" src=\"http:\/\/didierlemarchand.net\/4_site_nouveau\/expos\/2010_05_beauvais_1.jpg\" alt=\"\" \/><\/p>\n<p style=\"text-align: right;\" align=\"right\"><img class=\"colorbox-2\"  decoding=\"async\" src=\"http:\/\/didierlemarchand.net\/4_site_nouveau\/expos\/2010_05_beauvais_2.jpg\" alt=\"\" \/><\/p>\n<p>&nbsp;<\/p>\n<ul>\n<li><strong>2010.03<\/strong> &#8211; <strong>Compi\u00e8gne<\/strong>, Maison d&rsquo;arr\u00eat : <a href=\"http:\/\/didierlemarchand.net\/site\/portfolio-2\/mots\/declics-2\/\" target=\"_blank\" rel=\"noopener\">d\u00e9clic 2<\/a><\/li>\n<\/ul>\n<p style=\"text-align: right;\" align=\"right\"><img class=\"colorbox-2\"  loading=\"lazy\" decoding=\"async\" src=\"http:\/\/didierlemarchand.net\/4_site_nouveau\/expos\/2010_04_prison.jpg\" alt=\"\" width=\"397\" height=\"225\" \/><\/p>\n<p>&nbsp;<\/p>\n<ul>\n<li><strong>2010.03<\/strong> &#8211; <strong>Chantilly<\/strong> Lyc\u00e9e Jean Rostand : <a href=\"http:\/\/didierlemarchand.net\/site\/portfolio-2\/mots\/echappees-du-recit\/\" target=\"_blank\" rel=\"noopener\">\u00e9chapp\u00e9es du r\u00e9cit<\/a><\/li>\n<\/ul>\n<p style=\"text-align: right;\" align=\"right\"><img class=\"colorbox-2\"  loading=\"lazy\" decoding=\"async\" src=\"http:\/\/didierlemarchand.net\/4_site_nouveau\/expos\/2010_03_chantilly_1.jpg\" alt=\"\" width=\"397\" height=\"194\" \/><\/p>\n<p style=\"text-align: right;\" align=\"right\"><img class=\"colorbox-2\"  loading=\"lazy\" decoding=\"async\" src=\"http:\/\/didierlemarchand.net\/4_site_nouveau\/expos\/2010_03_chantilly_2.jpg\" alt=\"\" width=\"397\" height=\"217\" \/><\/p>\n<p>&nbsp;<\/p>\n<ul>\n<li><strong>2010.01<\/strong> &#8211; <strong>Soissons, <\/strong>Lyc\u00e9e L\u00e9onard de Vinci : <a href=\"http:\/\/didierlemarchand.net\/site\/portfolio-2\/mots\/echappees-du-recit\/\" target=\"_blank\" rel=\"noopener\">\u00e9chapp\u00e9es du r\u00e9cit<\/a><\/li>\n<\/ul>\n<p style=\"text-align: right;\" align=\"right\"><img class=\"colorbox-2\"  loading=\"lazy\" decoding=\"async\" src=\"http:\/\/didierlemarchand.net\/4_site_nouveau\/expos\/2010_01_soissons_1.jpg\" alt=\"\" width=\"397\" height=\"171\" \/><\/p>\n<p style=\"text-align: right;\" align=\"right\"><img class=\"colorbox-2\"  loading=\"lazy\" decoding=\"async\" src=\"http:\/\/didierlemarchand.net\/4_site_nouveau\/expos\/2010_01_soissons_2.jpg\" alt=\"\" width=\"397\" height=\"195\" \/><\/p>\n<p style=\"text-align: right;\" align=\"right\"><img class=\"colorbox-2\"  loading=\"lazy\" decoding=\"async\" src=\"http:\/\/didierlemarchand.net\/4_site_nouveau\/expos\/2010_01_soissons_3.jpg\" alt=\"\" width=\"397\" height=\"281\" \/><\/p>\n<p>&nbsp;<\/p>\n<ul>\n<li style=\"text-align: left;\"><strong>2009.11<\/strong> &#8211; <strong>Clermont<\/strong>,Espace S\u00e9raphine Louis : extraits de <a href=\"http:\/\/didierlemarchand.net\/site\/portfolio-2\/mots\/declics-2\/\" target=\"_blank\" rel=\"noopener\">d\u00e9clics 2<\/a> et d&rsquo;<a href=\"http:\/\/didierlemarchand.net\/site\/portfolio-2\/epiphanie\/\" target=\"_blank\" rel=\"noopener\">\u00e9piphanie<\/a><\/li>\n<li style=\"text-align: left;\"><\/li>\n<\/ul>\n<p style=\"text-align: right;\" align=\"right\"><img class=\"colorbox-2\"  loading=\"lazy\" decoding=\"async\" src=\"http:\/\/didierlemarchand.net\/4_site_nouveau\/expos\/2009_11_clermont_1.jpg\" alt=\"\" width=\"397\" height=\"199\" \/><\/p>\n<p style=\"text-align: right;\" align=\"right\"><img class=\"colorbox-2\"  loading=\"lazy\" decoding=\"async\" src=\"http:\/\/didierlemarchand.net\/4_site_nouveau\/expos\/2009_11_clermont_2.jpg\" alt=\"\" width=\"397\" height=\"214\" \/><\/p>\n<p>&nbsp;<\/p>\n<ul>\n<li style=\"text-align: left;\"><strong>2009.10<\/strong> &#8211; <strong>Margny<\/strong>, Atelier Petitpoisson : <a href=\"http:\/\/didierlemarchand.net\/site\/portfolio-2\/mots\/declics-2\/\" target=\"_blank\" rel=\"noopener\">d\u00e9clics 2<\/a><\/li>\n<\/ul>\n<p style=\"text-align: right;\" align=\"right\"><img class=\"colorbox-2\"  loading=\"lazy\" decoding=\"async\" src=\"http:\/\/didierlemarchand.net\/4_site_nouveau\/expos\/2009_10_intervalles_1.jpg\" alt=\"\" width=\"397\" height=\"199\" \/><\/p>\n<p style=\"text-align: right;\" align=\"right\"><img class=\"colorbox-2\"  loading=\"lazy\" decoding=\"async\" src=\"http:\/\/didierlemarchand.net\/4_site_nouveau\/expos\/2009_10_intervalles_2.jpg\" alt=\"\" width=\"397\" height=\"214\" \/><\/p>\n<p>&nbsp;<\/p>\n<ul>\n<li style=\"text-align: left;\"><strong>2009.03<\/strong> &#8211; <strong>Chantilly<\/strong>, Lyc\u00e9e Jean Rostand : <a href=\"http:\/\/didierlemarchand.net\/site\/portfolio-2\/mots\/accident6\/\" target=\"_blank\" rel=\"noopener\">accident 06<\/a><\/li>\n<\/ul>\n<p style=\"text-align: right;\" align=\"right\"><img class=\"colorbox-2\"  loading=\"lazy\" decoding=\"async\" src=\"http:\/\/didierlemarchand.net\/4_site_nouveau\/expos\/2009_03_chantilly.jpg\" alt=\"\" width=\"397\" height=\"298\" \/><\/p>\n<p>&nbsp;<\/p>\n<ul>\n<li><strong>2008.09<\/strong> &#8211; <strong>Margny l\u00e8s Compi\u00e8gne<\/strong> &#8211; invitation d&rsquo;artiste en Picardie : atelier porte ouverte<\/li>\n<\/ul>\n<p style=\"text-align: right;\" align=\"right\"><img class=\"colorbox-2\"  loading=\"lazy\" decoding=\"async\" src=\"http:\/\/didierlemarchand.net\/4_site_nouveau\/expos\/2008_09_region.jpg\" alt=\"\" width=\"397\" height=\"228\" \/><\/p>\n<p>&nbsp;<\/p>\n<ul>\n<li><strong>2008.07<\/strong> &#8211; <strong>Bages<\/strong>, Maison des arts<\/li>\n<\/ul>\n<p style=\"text-align: right;\" align=\"right\"><img class=\"colorbox-2\"  loading=\"lazy\" decoding=\"async\" src=\"http:\/\/didierlemarchand.net\/4_site_nouveau\/expos\/2008_07_bages_1.jpg\" alt=\"\" width=\"397\" height=\"269\" \/><\/p>\n<p style=\"text-align: right;\" align=\"right\"><img class=\"colorbox-2\"  loading=\"lazy\" decoding=\"async\" src=\"http:\/\/didierlemarchand.net\/4_site_nouveau\/expos\/2008_07_bages_2.jpg\" alt=\"\" width=\"397\" height=\"184\" \/><\/p>\n<p>&nbsp;<\/p>\n<ul>\n<li><strong>2008.06<\/strong> &#8211; <strong>Margny l\u00e8s Compi\u00e8gne<\/strong>, M\u00e9diath\u00e8que Jean Moulin<\/li>\n<\/ul>\n<p style=\"text-align: right;\" align=\"right\"><img class=\"colorbox-2\"  loading=\"lazy\" decoding=\"async\" src=\"http:\/\/didierlemarchand.net\/4_site_nouveau\/expos\/2008_06_margny_2.jpg\" alt=\"\" width=\"397\" height=\"231\" \/><\/p>\n<p style=\"text-align: right;\" align=\"right\"><img class=\"colorbox-2\"  loading=\"lazy\" decoding=\"async\" src=\"http:\/\/didierlemarchand.net\/4_site_nouveau\/expos\/2008_06_margny_1.jpg\" alt=\"\" width=\"397\" height=\"231\" \/><\/p>\n<p>&nbsp;<\/p>\n<ul>\n<li><strong>2007.11<\/strong> &#8211; <strong>Campeaux<\/strong>, Soupe \u00e0 l&rsquo;art avec Hors Cadre<\/li>\n<\/ul>\n<p style=\"text-align: right;\" align=\"right\"><img class=\"colorbox-2\"  loading=\"lazy\" decoding=\"async\" src=\"http:\/\/didierlemarchand.net\/4_site_nouveau\/expos\/2007_11_hors_cadre.jpg\" alt=\"\" width=\"397\" height=\"288\" \/><\/p>\n<p>&nbsp;<\/p>\n<ul>\n<li><strong>2007.09<\/strong> &#8211; <strong>Margny l\u00e8s Compi\u00e8gne<\/strong>, Invitation d&rsquo;artiste en Picardie : atelier porte ouverte<\/li>\n<\/ul>\n<p style=\"text-align: right;\" align=\"right\"><img class=\"colorbox-2\"  loading=\"lazy\" decoding=\"async\" src=\"http:\/\/didierlemarchand.net\/4_site_nouveau\/expos\/2007_09_region.jpg\" alt=\"\" width=\"394\" height=\"167\" \/><\/p>\n<p>&nbsp;<\/p>\n<ul>\n<li><strong>2007.03<\/strong> &#8211; <strong>Creil<\/strong>, Espace Matisse : <a href=\"http:\/\/didierlemarchand.net\/site\/portfolio-2\/mots\/accident6\/\" target=\"_blank\" rel=\"noopener\">accident 06<\/a><\/li>\n<\/ul>\n<p style=\"text-align: right;\" align=\"right\"><img class=\"colorbox-2\"  loading=\"lazy\" decoding=\"async\" src=\"http:\/\/didierlemarchand.net\/4_site_nouveau\/expos\/2007_03_matisse_1.jpg\" alt=\"\" width=\"397\" height=\"298\" \/><\/p>\n<p style=\"text-align: right;\" align=\"right\"><img class=\"colorbox-2\"  loading=\"lazy\" decoding=\"async\" src=\"http:\/\/didierlemarchand.net\/4_site_nouveau\/expos\/2007_03_matisse_2.jpg\" alt=\"\" width=\"397\" height=\"199\" \/><\/p>\n<p>&nbsp;<\/p>\n<ul>\n<li><strong>2007.03<\/strong> &#8211; Boulogne sur Mer, Galerie 9<\/li>\n<\/ul>\n<p style=\"text-align: right;\" align=\"right\"><img class=\"colorbox-2\"  loading=\"lazy\" decoding=\"async\" src=\"http:\/\/didierlemarchand.net\/4_site_nouveau\/expos\/2007_03_boulogne_1.jpg\" alt=\"\" width=\"397\" height=\"288\" \/><\/p>\n<p style=\"text-align: right;\" align=\"right\"><img class=\"colorbox-2\"  loading=\"lazy\" decoding=\"async\" src=\"http:\/\/didierlemarchand.net\/4_site_nouveau\/expos\/2007_03_boulogne_2.jpg\" alt=\"\" width=\"397\" height=\"288\" \/><\/p>\n<p>&nbsp;<\/p>\n<ul>\n<li><strong>2007.01<\/strong> &#8211; Chauny, <a href=\"http:\/\/www.galartco.com\/\" target=\"_blank\" rel=\"noopener\">Coll\u00e8ge Jacques Cartie<\/a><a href=\"http:\/\/www.galartco.com\/\" target=\"_blank\" rel=\"noopener\">r<\/a>, des livres et nous : <a href=\"http:\/\/didierlemarchand.net\/site\/portfolio-2\/mots\/accident-08\/\" target=\"_blank\" rel=\"noopener\">accident 8<\/a><\/li>\n<\/ul>\n<p style=\"text-align: right;\" align=\"right\"><img class=\"colorbox-2\"  decoding=\"async\" src=\"http:\/\/didierlemarchand.net\/4_site_nouveau\/expos\/2007_01_chauny_1.jpg\" alt=\"\" \/><\/p>\n<p style=\"text-align: right;\" align=\"right\"><img class=\"colorbox-2\"  decoding=\"async\" src=\"http:\/\/didierlemarchand.net\/4_site_nouveau\/expos\/2007_01_chauny_2.jpg\" alt=\"\" \/><\/p>\n<p>&nbsp;<\/p>\n<ul>\n<li style=\"text-align: left;\"><strong>2006.12<\/strong> &#8211; <strong>Saint-Quentin<\/strong>, Espace Saint Jacques, <a href=\"http:\/\/www.diaphane.org\/\" target=\"_blank\" rel=\"noopener\">Diaphane<\/a> en chantier : <a href=\"http:\/\/didierlemarchand.net\/site\/portfolio-2\/vanite\/vanite-2\/\" target=\"_blank\" rel=\"noopener\">vanit\u00e9 7<\/a><\/li>\n<\/ul>\n<p style=\"text-align: right;\" align=\"right\"><img class=\"colorbox-2\"  decoding=\"async\" src=\"http:\/\/didierlemarchand.net\/4_site_nouveau\/expos\/2006_12_st_quentin.jpg\" alt=\"\" \/><\/p>\n<p>&nbsp;<\/p>\n<ul>\n<li style=\"text-align: left;\"><strong>2006.11<\/strong> &#8211; <strong>Tracy le Mont<\/strong>, La soupe \u00e0 l&rsquo;art avec Hors Cadre : <a href=\"http:\/\/didierlemarchand.net\/site\/portfolio-2\/espace\/entrefil-1\/\" target=\"_blank\" rel=\"noopener\">entrefil 1<\/a><\/li>\n<\/ul>\n<p style=\"text-align: right;\" align=\"right\"><img class=\"colorbox-2\"  decoding=\"async\" src=\"http:\/\/didierlemarchand.net\/4_site_nouveau\/expos\/2006_11_hors_cadre_tracy.jpg\" alt=\"\" \/><\/p>\n<p>&nbsp;<\/p>\n<ul>\n<li style=\"text-align: left;\"><strong>2006.10<\/strong> &#8211; <strong>Paris<\/strong>, Librairie <a href=\"http:\/\/www.atoutlivre.com\/\" target=\"_blank\" rel=\"noopener\">Atout Livre<\/a> : signature du <a href=\"http:\/\/didierlemarchand.net\/4_site_nouveau\/portfolio-N3\/mot_N3\/PF3_accident_8\/DLemarchand_accident_08_dos_presse.pdf\" target=\"_blank\" rel=\"noopener\">livre accident 08<\/a><\/li>\n<\/ul>\n<p style=\"text-align: right;\" align=\"right\"><img class=\"colorbox-2\"  decoding=\"async\" src=\"http:\/\/didierlemarchand.net\/4_site_nouveau\/expos\/2006_10_atout_livre.jpg\" alt=\"\" \/><\/p>\n<ul>\n<li style=\"text-align: left;\"><strong>2006.10<\/strong> &#8211; <strong>Aux Marais<\/strong>, La soupe \u00e0 l&rsquo;art avec Hors Cadre : <a href=\"http:\/\/didierlemarchand.net\/site\/portfolio-2\/espace\/entrefil-1\/\" target=\"_blank\" rel=\"noopener\">entrefil 1<\/a><\/li>\n<\/ul>\n<p style=\"text-align: right;\" align=\"right\"><img class=\"colorbox-2\"  decoding=\"async\" src=\"http:\/\/didierlemarchand.net\/4_site_nouveau\/expos\/2006_10_hors_cadre_marais.jpg\" alt=\"\" \/><\/p>\n<p>&nbsp;<\/p>\n<ul>\n<li style=\"text-align: left;\"><strong>2006.09<\/strong> &#8211; <strong>Margny les Compi\u00e8gne<\/strong>, Invitation d&rsquo;artiste en Picardie : atelier porte ouverte<\/li>\n<\/ul>\n<p style=\"text-align: right;\" align=\"right\"><img class=\"colorbox-2\"  decoding=\"async\" src=\"http:\/\/didierlemarchand.net\/4_site_nouveau\/expos\/2006_09_region.jpg\" alt=\"\" \/><\/p>\n<p>&nbsp;<\/p>\n<ul>\n<li><strong>2006.06<\/strong> &#8211; <strong>Beauvais,<\/strong> Lyc\u00e9e Corot &#8211; <a href=\"http:\/\/www.diaphane.org\/\" target=\"_blank\" rel=\"noopener\">Diaphane<\/a> : <a href=\"http:\/\/didierlemarchand.net\/site\/portfolio-2\/vanite\/vanite-2\/\" target=\"_blank\" rel=\"noopener\">vanit\u00e9 7<\/a><\/li>\n<\/ul>\n<p style=\"text-align: right;\" align=\"right\"><img class=\"colorbox-2\"  loading=\"lazy\" decoding=\"async\" src=\"http:\/\/didierlemarchand.net\/4_site_nouveau\/expos\/2006_06_corot.jpg\" alt=\"\" width=\"397\" height=\"220\" \/><\/p>\n<p>&nbsp;<\/p>\n<ul>\n<li style=\"text-align: left;\"><strong>2006.04<\/strong> &#8211; <strong>Beauvais<\/strong>, Hors Cadre &#8211; La Soupe \u00e0 l&rsquo;Art : <a href=\"http:\/\/didierlemarchand.net\/site\/portfolio-2\/espace\/entrefil-1\/\" target=\"_blank\" rel=\"noopener\">entrefil 1<\/a><\/li>\n<\/ul>\n<p style=\"text-align: right;\" align=\"right\"><img class=\"colorbox-2\"  decoding=\"async\" src=\"http:\/\/didierlemarchand.net\/4_site_nouveau\/expos\/2006_04_hors_cadre_beauvais_1.jpg\" alt=\"\" \/><\/p>\n<p style=\"text-align: right;\" align=\"right\"><img class=\"colorbox-2\"  decoding=\"async\" src=\"http:\/\/didierlemarchand.net\/4_site_nouveau\/expos\/2006_04_hors_cadre_beauvais_2.jpg\" alt=\"\" \/><\/p>\n<p>&nbsp;<\/p>\n<ul>\n<li style=\"text-align: left;\"><strong>2006.03<\/strong> &#8211; <strong>Creil<\/strong>, Espace Matisse : <a href=\"http:\/\/didierlemarchand.net\/site\/portfolio-2\/resurgences\/resurgence-1\/\" target=\"_blank\" rel=\"noopener\">r\u00e9surgence<\/a> 1 &amp; <a href=\"http:\/\/didierlemarchand.net\/site\/portfolio-2\/resurgences\/resurgence-2\/\" target=\"_blank\" rel=\"noopener\">2<\/a><\/li>\n<\/ul>\n<p style=\"text-align: right;\" align=\"right\"><img class=\"colorbox-2\"  decoding=\"async\" src=\"http:\/\/didierlemarchand.net\/4_site_nouveau\/expos\/2006_03_matisse_1.jpg\" alt=\"\" \/><\/p>\n<p style=\"text-align: right;\" align=\"right\"><img class=\"colorbox-2\"  decoding=\"async\" src=\"http:\/\/didierlemarchand.net\/4_site_nouveau\/expos\/2006_03_matisse_2.jpg\" alt=\"\" \/><\/p>\n<p>&nbsp;<\/p>\n<ul>\n<li style=\"text-align: left;\"><strong>2006.01<\/strong> &#8211; <strong>Compi\u00e8gne<\/strong>, librairie des signes : signature du livre <a href=\"http:\/\/didierlemarchand.net\/4_site_nouveau\/portfolio-N3\/mot_N3\/PF3_accident_8\/DLemarchand_accident_08_dos_presse.pdf\" target=\"_blank\" rel=\"noopener\">accident 08<\/a><\/li>\n<\/ul>\n<p style=\"text-align: right;\" align=\"right\"><img class=\"colorbox-2\"  decoding=\"async\" src=\"http:\/\/didierlemarchand.net\/4_site_nouveau\/expos\/2006_01_lib_signes.jpg\" alt=\"\" \/><\/p>\n<p>&nbsp;<\/p>\n<ul>\n<li style=\"text-align: left;\"><strong>2005.11<\/strong> &#8211; <strong>Montreuil sous Br\u00e8che<\/strong>, la Grange : <a href=\"http:\/\/didierlemarchand.net\/site\/portfolio-2\/mots\/accident-08\/\" target=\"_blank\" rel=\"noopener\">accident 08<\/a><\/li>\n<\/ul>\n<p style=\"text-align: right;\" align=\"right\"><img class=\"colorbox-2\"  decoding=\"async\" src=\"http:\/\/didierlemarchand.net\/4_site_nouveau\/expos\/2005_11_grange.jpg\" alt=\"\" \/><\/p>\n<p>&nbsp;<\/p>\n<ul>\n<li style=\"text-align: left;\"><strong>2005.07<\/strong> &#8211; <strong>Carcassonne<\/strong>, <a href=\"http:\/\/www.graph-cmi.org\/\" target=\"_blank\" rel=\"noopener\">G<\/a><a href=\"http:\/\/www.graph-cmi.org\/\" target=\"_blank\" rel=\"noopener\">RAPH<\/a>, La Chapelle : <a href=\"http:\/\/didierlemarchand.net\/site\/portfolio-2\/vanite\/vanite-1\/\" target=\"_blank\" rel=\"noopener\">vanit\u00e9 5<\/a><\/li>\n<\/ul>\n<p style=\"text-align: right;\" align=\"right\"><img class=\"colorbox-2\"  decoding=\"async\" src=\"http:\/\/didierlemarchand.net\/4_site_nouveau\/expos\/2005_05_graph_2.jpg\" alt=\"\" \/><\/p>\n<p style=\"text-align: right;\" align=\"right\"><img class=\"colorbox-2\"  decoding=\"async\" src=\"http:\/\/didierlemarchand.net\/4_site_nouveau\/expos\/2005_05_graph_1.jpg\" alt=\"\" \/><\/p>\n<p>&nbsp;<\/p>\n<ul>\n<li style=\"text-align: left;\"><strong>2005.06<\/strong> &#8211; <strong>Marseille en Beauvaisis<\/strong>, Hors Cadre &#8211; La Soupe \u00e0 l&rsquo;Art : <a href=\"http:\/\/didierlemarchand.net\/site\/portfolio-2\/espace\/entrefil-1\/\" target=\"_blank\" rel=\"noopener\">entrefil 1<\/a><\/li>\n<\/ul>\n<p style=\"text-align: right;\" align=\"right\"><img class=\"colorbox-2\"  decoding=\"async\" src=\"http:\/\/didierlemarchand.net\/4_site_nouveau\/expos\/2005_06_hors_cadre.jpg\" alt=\"\" \/><\/p>\n<p>&nbsp;<\/p>\n<ul>\n<li><strong>2004.03<\/strong> &#8211; <strong>Compi\u00e8gne<\/strong>, Espace Jean Legendre : <a href=\"http:\/\/didierlemarchand.net\/site\/portfolio-2\/resurgences\/terezin\/\" target=\"_blank\" rel=\"noopener\">r\u00e9surgence 3 -Terezin<\/a><\/li>\n<\/ul>\n<p style=\"text-align: right;\" align=\"right\"><img class=\"colorbox-2\"  decoding=\"async\" src=\"http:\/\/didierlemarchand.net\/4_site_nouveau\/expos\/2004_03_caccv_1.jpg\" alt=\"\" \/><\/p>\n<p style=\"text-align: right;\" align=\"right\"><img class=\"colorbox-2\"  decoding=\"async\" src=\"http:\/\/didierlemarchand.net\/4_site_nouveau\/expos\/2004_03_caccv_2.jpg\" alt=\"\" \/><\/p>\n<p>&nbsp;<\/p>\n<ul>\n<li><strong>2002.05<\/strong> &#8211; <strong>Carcassonne, <a href=\"http:\/\/www.graph-cmi.org\/\" target=\"_blank\" rel=\"noopener\">G<\/a><a href=\"http:\/\/www.graph-cmi.org\/\" target=\"_blank\" rel=\"noopener\">RAPH<\/a><\/strong>, Espace J. Camberoque<\/li>\n<\/ul>\n<p align=\"right\"><img class=\"colorbox-2\"  decoding=\"async\" src=\"http:\/\/didierlemarchand.net\/4_site_nouveau\/expos\/2002_05_carca_1.jpg\" alt=\"\" \/><\/p>\n<p align=\"right\"><img class=\"colorbox-2\"  decoding=\"async\" src=\"http:\/\/didierlemarchand.net\/4_site_nouveau\/expos\/2002_05_carca_2.jpg\" alt=\"\" \/><\/p>\n<p>&nbsp;<\/p>\n<ul>\n<li style=\"text-align: left;\"><strong>2001.11<\/strong> &#8211; <strong>Creil<\/strong>, La Fa\u00efencerie, 7eme salon du livre : Bleu <a href=\"http:\/\/www.didierlemarchand.net\/4_site_nouveau\/ecrits\/auteurs\/2001_bleu_Fournaison.pdf\" target=\"_blank\" rel=\"noopener\">1<\/a> <a href=\"http:\/\/www.didierlemarchand.net\/4_site_nouveau\/ecrits\/auteurs\/2001_bleu_Lucot.pdf\" target=\"_blank\" rel=\"noopener\">2<\/a> <a href=\"http:\/\/www.didierlemarchand.net\/4_site_nouveau\/ecrits\/auteurs\/2001_bleu_Rambour.pdf\" target=\"_blank\" rel=\"noopener\">3<\/a><\/li>\n<\/ul>\n<p style=\"text-align: right;\" align=\"right\"><img class=\"colorbox-2\"  decoding=\"async\" src=\"http:\/\/didierlemarchand.net\/4_site_nouveau\/expos\/2001_11_creil_bleu.jpg\" alt=\"\" \/><\/p>\n<p>&nbsp;<\/p>\n<ul>\n<li><strong>2001.10<\/strong> &#8211; <strong>Beauvais<\/strong>, Espace Fran\u00e7ois Mitterand, AONC<\/li>\n<\/ul>\n<p style=\"text-align: right;\" align=\"right\"><img class=\"colorbox-2\"  decoding=\"async\" src=\"http:\/\/didierlemarchand.net\/4_site_nouveau\/expos\/2001_10_aonc.jpg\" alt=\"\" border=\"0\" \/><\/p>\n<p>&nbsp;<\/p>\n<ul>\n<li><strong>2001.09<\/strong> &#8211; <strong>Beauvais<\/strong>, la Ru\u00e9e vers l&rsquo;Art<\/li>\n<\/ul>\n<p style=\"text-align: right;\" align=\"right\"><img class=\"colorbox-2\"  decoding=\"async\" src=\"http:\/\/didierlemarchand.net\/4_site_nouveau\/expos\/2001_09_art_rue.jpg\" alt=\"\" \/><\/p>\n<p>&nbsp;<\/p>\n<ul>\n<li><strong>2001.07<\/strong> &#8211; <strong>Montreuil<\/strong>, la Guillotine<\/li>\n<\/ul>\n<p style=\"text-align: right;\" align=\"right\"><img class=\"colorbox-2\"  decoding=\"async\" src=\"http:\/\/didierlemarchand.net\/4_site_nouveau\/expos\/2001_07_guillo.jpg\" alt=\"\" \/><\/p>\n<p>&nbsp;<\/p>\n<ul>\n<li><strong>2001.01<\/strong> &#8211; <strong>Chauny<\/strong>, Coll\u00e8ge <a href=\"http:\/\/www.galartco.com\/\" target=\"_blank\" rel=\"noopener\">J<\/a><a href=\"http:\/\/www.galartco.com\/\" target=\"_blank\" rel=\"noopener\">acques Cartier<\/a> : texte de pr\u00e9sentation <a href=\"http:\/\/www.didierlemarchand.net\/1_ecrits\/auteurs\/2001_Collins.pdf\" target=\"_blank\" rel=\"noopener\">Entre Autres <\/a><\/li>\n<\/ul>\n<p style=\"text-align: right;\" align=\"right\"><img class=\"colorbox-2\"  decoding=\"async\" src=\"http:\/\/didierlemarchand.net\/4_site_nouveau\/expos\/2001_01_chauny_1.jpg\" alt=\"\" \/><\/p>\n<p style=\"text-align: right;\" align=\"right\"><img class=\"colorbox-2\"  decoding=\"async\" src=\"http:\/\/didierlemarchand.net\/4_site_nouveau\/expos\/2001_01_chauny_2.jpg\" alt=\"\" \/><\/p>\n<p>&nbsp;<\/p>\n<ul>\n<li><strong style=\"line-height: 1.5em;\">2000.11<\/strong><span style=\"line-height: 1.5em;\"> &#8211; <\/span><strong style=\"line-height: 1.5em;\">Paris<\/strong><span style=\"line-height: 1.5em;\">, 4eme Mois Off de la Photographie : texte du <\/span><a style=\"line-height: 1.5em;\" href=\"http:\/\/www.didierlemarchand.net\/1_ecrits\/auteurs\/2000_Fournaison_mois%20off.pdf\" target=\"_blank\" rel=\"noopener\">catalogue <\/a><\/li>\n<\/ul>\n<p style=\"text-align: right;\" align=\"right\"><img class=\"colorbox-2\"  decoding=\"async\" src=\"http:\/\/didierlemarchand.net\/4_site_nouveau\/expos\/2000_11_Mois_off_2.jpg\" alt=\"\" \/><\/p>\n<p style=\"text-align: right;\" align=\"right\"><img class=\"colorbox-2\"  decoding=\"async\" src=\"http:\/\/didierlemarchand.net\/4_site_nouveau\/expos\/2000_11_Mois_off_1.jpg\" alt=\"\" \/><\/p>\n<p>&nbsp;<\/p>\n<ul>\n<li><strong>2000.03<\/strong> &#8211; <strong>Chauny, <\/strong>Coll\u00e8ge <a href=\"http:\/\/www.galartco.com\/\" target=\"_blank\" rel=\"noopener\">J<\/a><a href=\"http:\/\/www.galartco.com\/\" target=\"_blank\" rel=\"noopener\">acques Cartier<\/a>, 1\/2000<\/li>\n<\/ul>\n<p style=\"text-align: right;\" align=\"right\"><img class=\"colorbox-2\"  decoding=\"async\" src=\"http:\/\/didierlemarchand.net\/4_site_nouveau\/expos\/2000_03_Chauny_1.jpg\" alt=\"\" \/><\/p>\n<p style=\"text-align: right;\" align=\"right\"><img class=\"colorbox-2\"  decoding=\"async\" src=\"http:\/\/didierlemarchand.net\/4_site_nouveau\/expos\/2000_03_Chauny_2.jpg\" alt=\"\" \/><\/p>\n<p>&nbsp;<\/p>\n<ul>\n<li><strong>2000.03<\/strong> &#8211; <strong>Le Perreux<\/strong>, Centre des Bords de Marne : <a href=\"http:\/\/www.didierlemarchand.net\/1_ecrits\/auteurs\/2000_Antonini_le%20perreux_plaquette.pdf\" target=\"_blank\" rel=\"noopener\">plaquette<\/a><\/li>\n<\/ul>\n<p style=\"text-align: right;\" align=\"right\"><img class=\"colorbox-2\"  decoding=\"async\" src=\"http:\/\/didierlemarchand.net\/4_site_nouveau\/expos\/2000_03_le_perreux_1.jpg\" alt=\"\" \/><\/p>\n<p style=\"text-align: right;\" align=\"right\"><img class=\"colorbox-2\"  decoding=\"async\" src=\"http:\/\/didierlemarchand.net\/4_site_nouveau\/expos\/2000_03_le_perreux_2.jpg\" alt=\"\" \/><\/p>\n<p>&nbsp;<\/p>\n<ul>\n<li><strong style=\"line-height: 1.5em;\">2000.01<\/strong><span style=\"line-height: 1.5em;\"> &#8211; <\/span><strong style=\"line-height: 1.5em;\">Paris<\/strong><span style=\"line-height: 1.5em;\">, CASM &#8211; <a href=\"http:\/\/didierlemarchand.net\/site\/portfolio-2\/espace\/accident-4\/\" target=\"_blank\" rel=\"noopener\">accident 4<\/a><\/span><\/li>\n<\/ul>\n<p style=\"text-align: right;\" align=\"right\"><img class=\"colorbox-2\"  decoding=\"async\" src=\"http:\/\/didierlemarchand.net\/4_site_nouveau\/expos\/2000_01_casm.jpg\" alt=\"\" \/><\/p>\n<p>&nbsp;<\/p>\n<ul>\n<li><strong>1999.09<\/strong> &#8211; <strong>Paris<\/strong>, Cin\u00e9ma Le Balzac : <a href=\"http:\/\/didierlemarchand.net\/site\/portfolio-2\/espace\/prelevement-2\/\" target=\"_blank\" rel=\"noopener\">pr\u00e9l\u00e8vement 2<\/a> &amp; <a href=\"http:\/\/didierlemarchand.net\/site\/portfolio-2\/espace\/prelevement-3\/\" target=\"_blank\" rel=\"noopener\">3<\/a><\/li>\n<\/ul>\n<p style=\"text-align: right;\" align=\"right\"><img class=\"colorbox-2\"  decoding=\"async\" src=\"http:\/\/didierlemarchand.net\/4_site_nouveau\/expos\/1999_09_balzac.jpg\" alt=\"\" \/><\/p>\n<p>&nbsp;<\/p>\n<ul>\n<li><strong>1999.04<\/strong> &#8211; <strong>Creil<\/strong>, Espace Matisse &#8211; texte de pr\u00e9sentation <a href=\"http:\/\/www.didierlemarchand.net\/1_ecrits\/perso\/1999_mouvances.pdf\" target=\"_blank\" rel=\"noopener\">mouvances<\/a><\/li>\n<\/ul>\n<p style=\"text-align: right;\" align=\"right\"><img class=\"colorbox-2\"  decoding=\"async\" src=\"http:\/\/didierlemarchand.net\/4_site_nouveau\/expos\/1999_04_Matisse_1.jpg\" alt=\"\" \/><\/p>\n<p style=\"text-align: right;\" align=\"right\"><img class=\"colorbox-2\"  decoding=\"async\" src=\"http:\/\/didierlemarchand.net\/4_site_nouveau\/expos\/1999_04_Matisse_2.jpg\" alt=\"\" \/><\/p>\n<p>&nbsp;<\/p>\n<ul>\n<li><strong>1998.11<\/strong> &#8211; <strong>Paris<\/strong>, 3eme Mois Off, Jean-Pierre Gapihan<\/li>\n<\/ul>\n<p style=\"text-align: right;\" align=\"right\"><img class=\"colorbox-2\"  decoding=\"async\" src=\"http:\/\/didierlemarchand.net\/4_site_nouveau\/expos\/1998_11_gapi_1.jpg\" alt=\"\" \/><\/p>\n<p style=\"text-align: right;\" align=\"right\"><img class=\"colorbox-2\"  decoding=\"async\" src=\"http:\/\/didierlemarchand.net\/4_site_nouveau\/expos\/1998_11_gapi_2.jpg\" alt=\"\" \/><\/p>\n<p>&nbsp;<\/p>\n<ul>\n<li><strong>1998.11<\/strong> &#8211; <strong>Paris<\/strong>, les Guetteurs de Vent : <a href=\"http:\/\/www.didierlemarchand.net\/1_ecrits\/perso\/1998_guetteurs.pdf\" target=\"_blank\" rel=\"noopener\">Image et Ecrit <\/a><\/li>\n<\/ul>\n<p style=\"text-align: right;\" align=\"right\"><img class=\"colorbox-2\"  decoding=\"async\" src=\"http:\/\/didierlemarchand.net\/4_site_nouveau\/expos\/1998_11_guett.jpg\" alt=\"\" \/><\/p>\n<p>&nbsp;<\/p>\n<ul>\n<li><strong>1998.09<\/strong> &#8211; <strong>Tracy le Mont<\/strong>, Arts d&rsquo;Oise<\/li>\n<\/ul>\n<p style=\"text-align: right;\" align=\"right\"><img class=\"colorbox-2\"  decoding=\"async\" src=\"http:\/\/didierlemarchand.net\/4_site_nouveau\/expos\/1998_09_tracy_1.jpg\" alt=\"\" \/><\/p>\n<p>&nbsp;<\/p>\n<ul>\n<li><strong>1998.05<\/strong> &#8211; <strong>Compi\u00e8gne<\/strong>,Cloitre Saint Corneille : l&rsquo;Ivre et l&rsquo;Autre<\/li>\n<\/ul>\n<p style=\"text-align: right;\" align=\"right\"><img class=\"colorbox-2\"  decoding=\"async\" src=\"http:\/\/didierlemarchand.net\/4_site_nouveau\/expos\/1998_05_scrib_1.jpg\" alt=\"\" \/><\/p>\n<p>&nbsp;<\/p>\n<ul>\n<li><strong>1998.05<\/strong> &#8211; <strong>Paris<\/strong>, Espace Carpeaux<\/li>\n<\/ul>\n<p style=\"text-align: right;\" align=\"right\"><img class=\"colorbox-2\"  decoding=\"async\" src=\"http:\/\/didierlemarchand.net\/4_site_nouveau\/expos\/1998_05_carpeaux.jpg\" alt=\"\" \/><\/p>\n<p>&nbsp;<\/p>\n<ul>\n<li><strong>1997.11<\/strong> &#8211; <strong>Creil<\/strong>, La Fa\u00efencerie<\/li>\n<\/ul>\n<p style=\"text-align: right;\" align=\"right\"><img class=\"colorbox-2\"  decoding=\"async\" src=\"http:\/\/didierlemarchand.net\/4_site_nouveau\/expos\/1997_11_faiencerie.jpg\" alt=\"\" \/><\/p>\n<p>&nbsp;<\/p>\n<ul>\n<li><strong>1997.10 <\/strong>&#8211;<strong> Compi\u00e8gne<\/strong>, ateliers d&rsquo;Artistes de l&rsquo;Oise<\/li>\n<\/ul>\n<p style=\"text-align: right;\" align=\"right\"><img class=\"colorbox-2\"  decoding=\"async\" src=\"http:\/\/didierlemarchand.net\/4_site_nouveau\/expos\/1997_10_atelier_artistes.jpg\" alt=\"\" \/><\/p>\n<p>&nbsp;<\/p>\n<ul>\n<li><strong>1996.02<\/strong> &#8211; <strong>Paris<\/strong>, le Lucernaire<\/li>\n<\/ul>\n<p align=\"right\"><img class=\"colorbox-2\"  decoding=\"async\" src=\"http:\/\/didierlemarchand.net\/4_site_nouveau\/expos\/1996_02_Lucernaire.jpg\" alt=\"\" \/><\/p>\n<p>&nbsp;<\/p>\n<ul>\n<li style=\"text-align: left;\"><strong>1995.11<\/strong> &#8211; <strong>Compi\u00e8gne<\/strong>, Ir\u00e8ne Jouhet-Soler<\/li>\n<\/ul>\n<p style=\"text-align: right;\" align=\"right\"><img class=\"colorbox-2\"  decoding=\"async\" src=\"http:\/\/didierlemarchand.net\/4_site_nouveau\/expos\/1995_11_Jouhet.jpg\" alt=\"\" \/><\/p>\n<p>&nbsp;<\/p>\n<ul>\n<li><strong>1995.10<\/strong> &#8211; <strong>Compi\u00e8gne<\/strong>, Espace Jean Legendre : texte de pr\u00e9sentation <a href=\"http:\/\/www.didierlemarchand.net\/1_ecrits\/auteurs\/1995_Boulanger_occurrences.pdf\">occurrences<\/a><\/li>\n<\/ul>\n<p style=\"text-align: right;\" align=\"right\"><img class=\"colorbox-2\"  decoding=\"async\" src=\"http:\/\/didierlemarchand.net\/4_site_nouveau\/expos\/1995_10_Caccv.jpg\" alt=\"\" \/><\/p>\n<p>&nbsp;<\/p>\n<ul>\n<li><strong>1994.05<\/strong> &#8211; <strong>Compi\u00e8gne<\/strong>, Ir\u00e8ne Jouhet-Soler<\/li>\n<\/ul>\n<p style=\"text-align: right;\" align=\"right\"><img class=\"colorbox-2\"  decoding=\"async\" src=\"http:\/\/didierlemarchand.net\/4_site_nouveau\/expos\/1994_05_Jouhet_1.jpg\" alt=\"\" \/><\/p>\n<p style=\"text-align: right;\" align=\"right\"><img class=\"colorbox-2\"  decoding=\"async\" src=\"http:\/\/didierlemarchand.net\/4_site_nouveau\/expos\/1994_05_Jouhet_2.jpg\" alt=\"\" \/><\/p>\n<p>&nbsp;<\/p>\n<ul>\n<li><strong>1993.05<\/strong> &#8211; <strong>Compi\u00e8gne<\/strong>, Espace Jean Legendre<\/li>\n<\/ul>\n<p style=\"text-align: right;\" align=\"right\"><img class=\"colorbox-2\"  decoding=\"async\" src=\"http:\/\/didierlemarchand.net\/4_site_nouveau\/expos\/1993_05_Caccv_1.jpg\" alt=\"\" \/><\/p>\n<p style=\"text-align: right;\" align=\"right\"><img class=\"colorbox-2\"  decoding=\"async\" src=\"http:\/\/didierlemarchand.net\/4_site_nouveau\/expos\/1993_05_Caccv_2.jpg\" alt=\"\" \/><\/p>\n<p>&nbsp;<\/p>\n<ul>\n<li><strong>1990.09<\/strong> &#8211; <strong>Paris<\/strong>, Entrepots des Vignobles de France<\/li>\n<\/ul>\n<p style=\"text-align: right;\" align=\"right\"><img class=\"colorbox-2\"  loading=\"lazy\" decoding=\"async\" src=\"http:\/\/didierlemarchand.net\/4_site_nouveau\/expos\/1990_09_evf.jpg\" alt=\"\" width=\"397\" height=\"235\" \/><\/p>\n<p>&nbsp;<\/p>\n<ul>\n<li><strong>1989.04<\/strong> &#8211; <strong>Compi\u00e8gne<\/strong>, Universit\u00e9 de technologie<\/li>\n<\/ul>\n<p style=\"text-align: right;\" align=\"right\"><img class=\"colorbox-2\"  decoding=\"async\" src=\"http:\/\/didierlemarchand.net\/4_site_nouveau\/expos\/1989_04_Utc_1.jpg\" alt=\"\" \/><\/p>\n<p style=\"text-align: right;\" align=\"right\"><img class=\"colorbox-2\"  decoding=\"async\" src=\"http:\/\/didierlemarchand.net\/4_site_nouveau\/expos\/1989_04_Utc_2.jpg\" alt=\"\" \/><\/p>\n<p>&nbsp;<\/p>\n<ul>\n<li><strong>1983.11<\/strong> &#8211; Villeneuve d&rsquo;Asq, Galerie d&rsquo;en haut<\/li>\n<\/ul>\n<p style=\"text-align: right;\" align=\"right\"><img class=\"colorbox-2\"  loading=\"lazy\" decoding=\"async\" src=\"http:\/\/didierlemarchand.net\/4_site_nouveau\/expos\/1983_11_asq.jpg\" alt=\"\" width=\"397\" height=\"191\" \/><\/p>\n","protected":false},"excerpt":{"rendered":"<p>2019.02 &#8211; Saint-Maximin, Galerie des du Front de Taille : r\u00e9surgence 4 &amp; r\u00e9surgence 9 &nbsp; 2018.05 &#8211; Chantilly, Galerie <span class=\"ellipsis\">&hellip;<\/span> <span class=\"more-link-wrap\"><a href=\"https:\/\/didierlemarchand.net\/site\/expositions\/\" class=\"more-link\"><span>Continue Reading &rarr;<\/span><\/a><\/span><\/p>\n","protected":false},"author":2,"featured_media":0,"parent":0,"menu_order":79,"comment_status":"closed","ping_status":"open","template":"","meta":{"_seopress_robots_primary_cat":"","_seopress_titles_title":"","_seopress_titles_desc":"","_seopress_robots_index":"","footnotes":""},"_links":{"self":[{"href":"https:\/\/didierlemarchand.net\/site\/wp-json\/wp\/v2\/pages\/2"}],"collection":[{"href":"https:\/\/didierlemarchand.net\/site\/wp-json\/wp\/v2\/pages"}],"about":[{"href":"https:\/\/didierlemarchand.net\/site\/wp-json\/wp\/v2\/types\/page"}],"author":[{"embeddable":true,"href":"https:\/\/didierlemarchand.net\/site\/wp-json\/wp\/v2\/users\/2"}],"replies":[{"embeddable":true,"href":"https:\/\/didierlemarchand.net\/site\/wp-json\/wp\/v2\/comments?post=2"}],"version-history":[{"count":145,"href":"https:\/\/didierlemarchand.net\/site\/wp-json\/wp\/v2\/pages\/2\/revisions"}],"predecessor-version":[{"id":20200,"href":"https:\/\/didierlemarchand.net\/site\/wp-json\/wp\/v2\/pages\/2\/revisions\/20200"}],"wp:attachment":[{"href":"https:\/\/didierlemarchand.net\/site\/wp-json\/wp\/v2\/media?parent=2"}],"curies":[{"name":"wp","href":"https:\/\/api.w.org\/{rel}","templated":true}]}}